{"id":1873,"date":"2024-12-20T12:01:29","date_gmt":"2024-12-20T11:01:29","guid":{"rendered":"https:\/\/alfoldident.hu\/adatkezelesi-tajekoztato-kapcsolatfelvetel-uzenetkuldes-a-weboldalon-keresztul\/"},"modified":"2025-05-07T17:22:56","modified_gmt":"2025-05-07T15:22:56","slug":"politica-de-privacidad-contacto-envio-de-mensajes-a-traves-del-sitio-web","status":"publish","type":"page","link":"https:\/\/alfoldident.hu\/es\/politica-de-privacidad-contacto-envio-de-mensajes-a-traves-del-sitio-web\/","title":{"rendered":"Pol\u00edtica de privacidad (contacto \u2013 env\u00edo de mensajes a trav\u00e9s del sitio web)"},"content":{"rendered":"<div id='av_section_1'  class='avia-section av-dt97x-5fd0ca93a1af1ca019b505793505d9d6 main_color avia-section-default avia-no-border-styling  avia-builder-el-0  avia-builder-el-no-sibling  avia-bg-style-scroll container_wrap fullsize'  ><div class='container av-section-cont-open' ><main  role=\"main\" itemprop=\"mainContentOfPage\"  class='template-page content  av-content-full alpha units'><div class='post-entry post-entry-type-page post-entry-1873'><div class='entry-content-wrapper clearfix'>\n\n<style type=\"text\/css\" data-created_by=\"avia_inline_auto\" id=\"style-css-av-m4wmdlpl-dbe68627f25625dc1499ef24ffaece13\">\n#top .av-special-heading.av-m4wmdlpl-dbe68627f25625dc1499ef24ffaece13{\npadding-bottom:10px;\nfont-size:36px;\n}\nbody .av-special-heading.av-m4wmdlpl-dbe68627f25625dc1499ef24ffaece13 .av-special-heading-tag .heading-char{\nfont-size:25px;\n}\n#top #wrap_all .av-special-heading.av-m4wmdlpl-dbe68627f25625dc1499ef24ffaece13 .av-special-heading-tag{\nfont-size:36px;\n}\n.av-special-heading.av-m4wmdlpl-dbe68627f25625dc1499ef24ffaece13 .av-subheading{\nfont-size:15px;\n}\n\n@media only screen and (min-width: 480px) and (max-width: 767px){ \n#top #wrap_all .av-special-heading.av-m4wmdlpl-dbe68627f25625dc1499ef24ffaece13 .av-special-heading-tag{\nfont-size:0.8em;\n}\n}\n\n@media only screen and (max-width: 479px){ \n#top #wrap_all .av-special-heading.av-m4wmdlpl-dbe68627f25625dc1499ef24ffaece13 .av-special-heading-tag{\nfont-size:0.8em;\n}\n}\n<\/style>\n<div  class='av-special-heading av-m4wmdlpl-dbe68627f25625dc1499ef24ffaece13 av-special-heading-h1 blockquote modern-quote  avia-builder-el-1  el_before_av_textblock  avia-builder-el-first  av-inherit-size'><h1 class='av-special-heading-tag '  itemprop=\"headline\"  >Pol\u00edtica de privacidad (contacto \u2013 env\u00edo de mensajes a trav\u00e9s del sitio web)<\/h1><div class=\"special-heading-border\"><div class=\"special-heading-inner-border\"><\/div><\/div><\/div>\n<section  class='av_textblock_section av-7ytlp-262de1af741b25ae798349c464f312c7 '   itemscope=\"itemscope\" itemtype=\"https:\/\/schema.org\/CreativeWork\" ><div class='avia_textblock'  itemprop=\"text\" ><p class=\"x_MsoNormal\">Estimado usuario:<\/p>\n<p class=\"x_MsoNormal\">Lea atentamente el siguiente aviso de privacidad antes de enviar un mensaje.<\/p>\n<p class=\"x_MsoNormal\">Representante del responsable del tratamiento<\/p>\n<p class=\"x_MsoNormal\">Nombre: Alf\u00f6ldi Dental System Fog\u00e1szati \u00e9s Kereskedelmi Kft.<br \/>\nC\u00edm \/sz\u00e9khely\/: 1111 Budapest, Szent Gell\u00e9rt t\u00e9r 3. I\/2.<br \/>\nTel\u00e9fono\/Fax: +36 1 368 2846<br \/>\nE-mail: <a title=\"mailto:ldident@gmail.com\" href=\"mailto:ldident@gmail.com\" data-linkindex=\"9\">alfoldidident@gmail.com<\/a><br \/>\nCorreo electr\u00f3nico: Dr. Antal Alf\u00f6ldi \u2013 gerente<\/p>\n<p class=\"x_MsoNormal\"><strong>Finalidad del tratamiento de los datos:<\/strong> Recibir, procesar y responder a los mensajes enviados por usted a trav\u00e9s del sitio web.<\/p>\n<p class=\"x_MsoNormal\"><strong>Base legal del tratamiento de datos:<\/strong> La legalidad de nuestro tratamiento est\u00e1 garantizada por su consentimiento voluntario, que usted proporciona antes de enviar un mensaje al aceptar el aviso de privacidad.<\/p>\n<p class=\"x_MsoNormal\"><strong>Alcance de los datos personales:<\/strong> La informaci\u00f3n que ha proporcionado:<\/p>\n<ul type=\"disc\">\n<li class=\"x_MsoNormal\">Nombre<\/li>\n<li class=\"x_MsoNormal\">N\u00famero de tel\u00e9fono (opcional)<\/li>\n<li class=\"x_MsoNormal\">Correo electr\u00f3nico<\/li>\n<li class=\"x_MsoNormal\">Contenido del mensaje<\/li>\n<\/ul>\n<p class=\"x_MsoNormal\"><strong>Destinatarios: <\/strong>En ning\u00fan caso pondremos datos a disposici\u00f3n de personas no autorizadas. Si utilizamos un procesador de datos (por ejemplo, un proveedor de sistemas de mensajer\u00eda), le informaremos con antelaci\u00f3n.<\/p>\n<p class=\"x_MsoNormal\"><strong>Transferencia de datos al extranjero:<\/strong> Solo transferiremos sus datos al extranjero a petici\u00f3n suya.<\/p>\n<p class=\"x_MsoNormal\"><strong>Tiempo de almacenamiento de datos:<\/strong> Los datos de mensajer\u00eda se conservar\u00e1n durante 1 a\u00f1o a partir de la fecha de procesamiento del mensaje, despu\u00e9s de lo cual se eliminar\u00e1n.<\/p>\n<p class=\"x_MsoNormal\"><strong>Sus derechos con respecto al tratamiento de datos:<\/strong><\/p>\n<ul type=\"disc\">\n<li class=\"x_MsoNormal\">Tiene derecho a ser informado con antelaci\u00f3n sobre el tratamiento.<\/li>\n<li class=\"x_MsoNormal\">Puede solicitar que le proporcionemos acceso para conocer nuestras operaciones de procesamiento de datos.<\/li>\n<li class=\"x_MsoNormal\">Podr\u00e1 solicitar la rectificaci\u00f3n, supresi\u00f3n o limitaci\u00f3n del tratamiento de sus datos.<\/li>\n<\/ul>\n<p class=\"x_MsoNormal\"><strong>Recursos disponibles:<\/strong> Si considera que nuestro tratamiento de datos no es l\u00edcito, podr\u00e1 acudir a la Autoridad Nacional de Protecci\u00f3n de Datos y Libertad de Informaci\u00f3n (Direcci\u00f3n postal: 1374 Budapest, Pf. 603., correo electr\u00f3nico: <a title=\"mailto:ugyfelszolgalat@naih.hu\" href=\"mailto:ugyfelszolgalat@naih.hu\" data-linkindex=\"10\">ugyfelszolgalat@naih.hu<\/a>) o a los tribunales.<\/p>\n<p class=\"x_MsoNormal\"><strong>Fuente de datos:<\/strong> Obtenemos los datos directamente de usted, desde el momento en que completa y env\u00eda el formulario de mensajer\u00eda.<\/p>\n<p class=\"x_MsoNormal\"><strong>Toma de decisiones automatizada:<\/strong> No la realizamos, no tomamos decisiones sobre sus datos sin intervenci\u00f3n humana (por ejemplo, sin filtrado automatizado, elaboraci\u00f3n de perfiles, etc.).<\/p>\n<p class=\"x_MsoNormal\"><strong>Medidas de seguridad de los datos:<\/strong> Durante el tratamiento y almacenamiento de sus datos, garantizamos una mayor protecci\u00f3n. Utilizamos casilleros y habitaciones cerrados, mantenemos los documentos en papel bajo control, usamos herramientas inform\u00e1ticas protegidas por contrase\u00f1a y controlamos el acceso. La actividad de tratamiento de datos se registra y se puede recuperar.<\/p>\n<p class=\"x_MsoNormal\"><strong>Riesgos: <\/strong>Puede haber, por ejemplo, robo de medios, consulta no autorizada, etc., pero para evitarlos, las medidas de seguridad se observan\/aplican de manera consistente.<\/p>\n<p class=\"x_MsoNormal\"><strong>Gesti\u00f3n de incidentes:<\/strong> Se trata de una violaci\u00f3n de la seguridad, en cuyo caso tomaremos medidas obligatorias en funci\u00f3n de la gravedad del incidente, y, de ser necesario, se lo notificaremos a la autoridad y a usted.<\/p>\n<\/div><\/section>\n\n","protected":false},"excerpt":{"rendered":"","protected":false},"author":1,"featured_media":0,"parent":0,"menu_order":0,"comment_status":"closed","ping_status":"closed","template":"","meta":{"footnotes":""},"class_list":["post-1873","page","type-page","status-publish","hentry"],"yoast_head":"<!-- This site is optimized with the Yoast SEO plugin v24.0 - https:\/\/yoast.com\/wordpress\/plugins\/seo\/ -->\n<title>Pol\u00edtica de privacidad (contacto \u2013 env\u00edo de mensajes a trav\u00e9s del sitio web) - Alf\u00f6ldi Dental<\/title>\n<meta name=\"robots\" content=\"index, follow, max-snippet:-1, max-image-preview:large, max-video-preview:-1\" \/>\n<link rel=\"canonical\" href=\"https:\/\/alfoldident.hu\/es\/politica-de-privacidad-contacto-envio-de-mensajes-a-traves-del-sitio-web\/\" \/>\n<meta property=\"og:locale\" content=\"es_ES\" \/>\n<meta property=\"og:type\" content=\"article\" \/>\n<meta property=\"og:title\" content=\"Pol\u00edtica de privacidad (contacto \u2013 env\u00edo de mensajes a trav\u00e9s del sitio web) - Alf\u00f6ldi Dental\" \/>\n<meta property=\"og:url\" content=\"https:\/\/alfoldident.hu\/es\/politica-de-privacidad-contacto-envio-de-mensajes-a-traves-del-sitio-web\/\" \/>\n<meta property=\"og:site_name\" content=\"Alf\u00f6ldi Dental\" \/>\n<meta property=\"article:modified_time\" content=\"2025-05-07T15:22:56+00:00\" \/>\n<meta name=\"twitter:card\" content=\"summary_large_image\" \/>\n<meta name=\"twitter:label1\" content=\"Tiempo de lectura\" \/>\n\t<meta name=\"twitter:data1\" content=\"3 minutos\" \/>\n<script type=\"application\/ld+json\" class=\"yoast-schema-graph\">{\"@context\":\"https:\/\/schema.org\",\"@graph\":[{\"@type\":\"WebPage\",\"@id\":\"https:\/\/alfoldident.hu\/es\/politica-de-privacidad-contacto-envio-de-mensajes-a-traves-del-sitio-web\/\",\"url\":\"https:\/\/alfoldident.hu\/es\/politica-de-privacidad-contacto-envio-de-mensajes-a-traves-del-sitio-web\/\",\"name\":\"Pol\u00edtica de privacidad (contacto \u2013 env\u00edo de mensajes a trav\u00e9s del sitio web) - Alf\u00f6ldi Dental\",\"isPartOf\":{\"@id\":\"https:\/\/alfoldident.hu\/#website\"},\"datePublished\":\"2024-12-20T11:01:29+00:00\",\"dateModified\":\"2025-05-07T15:22:56+00:00\",\"breadcrumb\":{\"@id\":\"https:\/\/alfoldident.hu\/es\/politica-de-privacidad-contacto-envio-de-mensajes-a-traves-del-sitio-web\/#breadcrumb\"},\"inLanguage\":\"es\",\"potentialAction\":[{\"@type\":\"ReadAction\",\"target\":[\"https:\/\/alfoldident.hu\/es\/politica-de-privacidad-contacto-envio-de-mensajes-a-traves-del-sitio-web\/\"]}]},{\"@type\":\"BreadcrumbList\",\"@id\":\"https:\/\/alfoldident.hu\/es\/politica-de-privacidad-contacto-envio-de-mensajes-a-traves-del-sitio-web\/#breadcrumb\",\"itemListElement\":[{\"@type\":\"ListItem\",\"position\":1,\"name\":\"Kezd\u0151lap\",\"item\":\"https:\/\/alfoldident.hu\/es\/inicio\/\"},{\"@type\":\"ListItem\",\"position\":2,\"name\":\"Pol\u00edtica de privacidad (contacto \u2013 env\u00edo de mensajes a trav\u00e9s del sitio web)\"}]},{\"@type\":\"WebSite\",\"@id\":\"https:\/\/alfoldident.hu\/#website\",\"url\":\"https:\/\/alfoldident.hu\/\",\"name\":\"Alf\u00f6ldi Dent\",\"description\":\"\",\"publisher\":{\"@id\":\"https:\/\/alfoldident.hu\/#organization\"},\"potentialAction\":[{\"@type\":\"SearchAction\",\"target\":{\"@type\":\"EntryPoint\",\"urlTemplate\":\"https:\/\/alfoldident.hu\/?s={search_term_string}\"},\"query-input\":{\"@type\":\"PropertyValueSpecification\",\"valueRequired\":true,\"valueName\":\"search_term_string\"}}],\"inLanguage\":\"es\"},{\"@type\":\"Organization\",\"@id\":\"https:\/\/alfoldident.hu\/#organization\",\"name\":\"Alf\u00f6ldi Dent\",\"url\":\"https:\/\/alfoldident.hu\/\",\"logo\":{\"@type\":\"ImageObject\",\"inLanguage\":\"es\",\"@id\":\"https:\/\/alfoldident.hu\/#\/schema\/logo\/image\/\",\"url\":\"https:\/\/alfoldident.hu\/wp-content\/uploads\/2024\/12\/logo_AD.png\",\"contentUrl\":\"https:\/\/alfoldident.hu\/wp-content\/uploads\/2024\/12\/logo_AD.png\",\"width\":178,\"height\":92,\"caption\":\"Alf\u00f6ldi Dent\"},\"image\":{\"@id\":\"https:\/\/alfoldident.hu\/#\/schema\/logo\/image\/\"}}]}<\/script>\n<!-- \/ Yoast SEO plugin. -->","yoast_head_json":{"title":"Pol\u00edtica de privacidad (contacto \u2013 env\u00edo de mensajes a trav\u00e9s del sitio web) - Alf\u00f6ldi Dental","robots":{"index":"index","follow":"follow","max-snippet":"max-snippet:-1","max-image-preview":"max-image-preview:large","max-video-preview":"max-video-preview:-1"},"canonical":"https:\/\/alfoldident.hu\/es\/politica-de-privacidad-contacto-envio-de-mensajes-a-traves-del-sitio-web\/","og_locale":"es_ES","og_type":"article","og_title":"Pol\u00edtica de privacidad (contacto \u2013 env\u00edo de mensajes a trav\u00e9s del sitio web) - Alf\u00f6ldi Dental","og_url":"https:\/\/alfoldident.hu\/es\/politica-de-privacidad-contacto-envio-de-mensajes-a-traves-del-sitio-web\/","og_site_name":"Alf\u00f6ldi Dental","article_modified_time":"2025-05-07T15:22:56+00:00","twitter_card":"summary_large_image","twitter_misc":{"Tiempo de lectura":"3 minutos"},"schema":{"@context":"https:\/\/schema.org","@graph":[{"@type":"WebPage","@id":"https:\/\/alfoldident.hu\/es\/politica-de-privacidad-contacto-envio-de-mensajes-a-traves-del-sitio-web\/","url":"https:\/\/alfoldident.hu\/es\/politica-de-privacidad-contacto-envio-de-mensajes-a-traves-del-sitio-web\/","name":"Pol\u00edtica de privacidad (contacto \u2013 env\u00edo de mensajes a trav\u00e9s del sitio web) - Alf\u00f6ldi Dental","isPartOf":{"@id":"https:\/\/alfoldident.hu\/#website"},"datePublished":"2024-12-20T11:01:29+00:00","dateModified":"2025-05-07T15:22:56+00:00","breadcrumb":{"@id":"https:\/\/alfoldident.hu\/es\/politica-de-privacidad-contacto-envio-de-mensajes-a-traves-del-sitio-web\/#breadcrumb"},"inLanguage":"es","potentialAction":[{"@type":"ReadAction","target":["https:\/\/alfoldident.hu\/es\/politica-de-privacidad-contacto-envio-de-mensajes-a-traves-del-sitio-web\/"]}]},{"@type":"BreadcrumbList","@id":"https:\/\/alfoldident.hu\/es\/politica-de-privacidad-contacto-envio-de-mensajes-a-traves-del-sitio-web\/#breadcrumb","itemListElement":[{"@type":"ListItem","position":1,"name":"Kezd\u0151lap","item":"https:\/\/alfoldident.hu\/es\/inicio\/"},{"@type":"ListItem","position":2,"name":"Pol\u00edtica de privacidad (contacto \u2013 env\u00edo de mensajes a trav\u00e9s del sitio web)"}]},{"@type":"WebSite","@id":"https:\/\/alfoldident.hu\/#website","url":"https:\/\/alfoldident.hu\/","name":"Alf\u00f6ldi Dent","description":"","publisher":{"@id":"https:\/\/alfoldident.hu\/#organization"},"potentialAction":[{"@type":"SearchAction","target":{"@type":"EntryPoint","urlTemplate":"https:\/\/alfoldident.hu\/?s={search_term_string}"},"query-input":{"@type":"PropertyValueSpecification","valueRequired":true,"valueName":"search_term_string"}}],"inLanguage":"es"},{"@type":"Organization","@id":"https:\/\/alfoldident.hu\/#organization","name":"Alf\u00f6ldi Dent","url":"https:\/\/alfoldident.hu\/","logo":{"@type":"ImageObject","inLanguage":"es","@id":"https:\/\/alfoldident.hu\/#\/schema\/logo\/image\/","url":"https:\/\/alfoldident.hu\/wp-content\/uploads\/2024\/12\/logo_AD.png","contentUrl":"https:\/\/alfoldident.hu\/wp-content\/uploads\/2024\/12\/logo_AD.png","width":178,"height":92,"caption":"Alf\u00f6ldi Dent"},"image":{"@id":"https:\/\/alfoldident.hu\/#\/schema\/logo\/image\/"}}]}},"_links":{"self":[{"href":"https:\/\/alfoldident.hu\/es\/wp-json\/wp\/v2\/pages\/1873","targetHints":{"allow":["GET"]}}],"collection":[{"href":"https:\/\/alfoldident.hu\/es\/wp-json\/wp\/v2\/pages"}],"about":[{"href":"https:\/\/alfoldident.hu\/es\/wp-json\/wp\/v2\/types\/page"}],"author":[{"embeddable":true,"href":"https:\/\/alfoldident.hu\/es\/wp-json\/wp\/v2\/users\/1"}],"replies":[{"embeddable":true,"href":"https:\/\/alfoldident.hu\/es\/wp-json\/wp\/v2\/comments?post=1873"}],"version-history":[{"count":4,"href":"https:\/\/alfoldident.hu\/es\/wp-json\/wp\/v2\/pages\/1873\/revisions"}],"predecessor-version":[{"id":1888,"href":"https:\/\/alfoldident.hu\/es\/wp-json\/wp\/v2\/pages\/1873\/revisions\/1888"}],"wp:attachment":[{"href":"https:\/\/alfoldident.hu\/es\/wp-json\/wp\/v2\/media?parent=1873"}],"curies":[{"name":"wp","href":"https:\/\/api.w.org\/{rel}","templated":true}]}}